{"id":552,"date":"2020-08-13T10:00:15","date_gmt":"2020-08-13T10:00:15","guid":{"rendered":"https:\/\/sai-thai.de\/?page_id=552"},"modified":"2025-09-05T16:27:44","modified_gmt":"2025-09-05T16:27:44","slug":"datenschutzerklaerung","status":"publish","type":"page","link":"https:\/\/sai-thai.de\/?page_id=552","title":{"rendered":"Datenschutzerkl\u00e4rung"},"content":{"rendered":"\t\t<div data-elementor-type=\"wp-page\" data-elementor-id=\"552\" class=\"elementor elementor-552\" data-elementor-post-type=\"page\">\n\t\t\t\t\t\t<section class=\"elementor-section elementor-top-section elementor-element elementor-element-b9f768d elementor-section-boxed elementor-section-height-default elementor-section-height-default\" data-id=\"b9f768d\" data-element_type=\"section\">\n\t\t\t\t\t\t<div class=\"elementor-container elementor-column-gap-default\">\n\t\t\t\t\t<div class=\"elementor-column elementor-col-100 elementor-top-column elementor-element elementor-element-693deae\" data-id=\"693deae\" data-element_type=\"column\">\n\t\t\t<div class=\"elementor-widget-wrap elementor-element-populated\">\n\t\t\t\t\t\t<div class=\"elementor-element elementor-element-d5e5880 elementor-widget elementor-widget-text-editor\" data-id=\"d5e5880\" data-element_type=\"widget\" data-widget_type=\"text-editor.default\">\n\t\t\t\t<div class=\"elementor-widget-container\">\n\t\t\t\t\t\t\t\t\t<h5><strong>Datenschutzerkl\u00e4rung nach der DSGVO<\/strong><\/h5><h6>\u00a0<\/h6><h6>Der Schutz personenbezogener Daten ist uns ein wichtiges Anliegen. Deshalb erfolgt die Verarbeitung personenbezogener Daten in \u00dcbereinstimmung mit den geltenden europ\u00e4ischen und nationalen Rechtsvorschriften.<\/h6><h6><strong>Ihre Einwilligungserkl\u00e4rung(en) k\u00f6nnen Sie selbstverst\u00e4ndlich jederzeit mit Wirkung f\u00fcr die Zukunft widerrufen. Bitte wenden Sie sich hierf\u00fcr an den Verantwortlichen gem. \u00a7 1.<\/strong><\/h6><p>\u00a0<\/p><p>Die nachfolgende Erkl\u00e4rung gibt einen \u00dcberblick dar\u00fcber, welche Art von Daten erhoben werden, in welcher Weise diese Daten genutzt und weitergegeben werden, welche Sicherheitsma\u00dfnahmen wir zum Schutz Ihrer Daten ergreifen und auf welche Art und Weise Sie Auskunft \u00fcber die uns gegebenen Informationen erhalten.<\/p><h6>\u00a0<\/h6><h5>Rechtsgrundlage f\u00fcr die Verarbeitung personenbezogener Daten<\/h5><h6>Soweit wir f\u00fcr Verarbeitungsvorg\u00e4nge personenbezogener Daten eine Einwilligung der betroffenen Person einholen, dient Art.\u00a06 Abs.\u00a01 S. 1 lit.\u00a0a) EU-Datenschutzgrundverordnung (DSGVO) als Rechtsgrundlage.<\/h6><h6>Bei der Verarbeitung von personenbezogenen Daten, die zur Erf\u00fcllung eines Vertrages, dessen Vertragspartei die betroffene Person ist, erforderlich ist, dient Art.\u00a06 Abs.\u00a01 S. lit.\u00a0b) DSGVO als Rechtsgrundlage. Dies gilt auch f\u00fcr Verarbeitungsvorg\u00e4nge, die zur Durchf\u00fchrung vorvertraglicher Ma\u00dfnahmen erforderlich sind.<\/h6><h6>Soweit eine Verarbeitung personenbezogener Daten zur Erf\u00fcllung einer rechtlichen Verpflichtung erforderlich ist, der wir unterliegen, dient Art.\u00a06 Abs.\u00a01 S. 1 lit.\u00a0c) DSGVO als Rechtsgrundlage.<\/h6><h6>Ist die Verarbeitung zur Wahrung eines berechtigten Interesses unseres Unternehmens oder eines Dritten erforderlich und \u00fcberwiegen die Interessen, Grundrechte und Grundfreiheiten des Betroffenen das erstgenannte Interesse nicht, so dient Art.\u00a06 Abs.\u00a01 S.1 lit.\u00a0f) DSGVO als Rechtsgrundlage f\u00fcr die Verarbeitung.<\/h6><h6>\u00a0<\/h6><h5>Datenl\u00f6schung und Speicherdauer<\/h5><h6>Die personenbezogenen Daten der betroffenen Person werden gel\u00f6scht oder gesperrt, sobald der Zweck der Speicherung entf\u00e4llt. Eine Speicherung kann dar\u00fcber hinaus erfolgen, wenn dies durch den europ\u00e4ischen oder nationalen Gesetzgeber in unionsrechtlichen Verordnungen, Gesetzen oder sonstigen Vorschriften, denen wir unterliegen, vorgesehen wurde. Eine Sperrung oder L\u00f6schung der Daten erfolgt auch dann, wenn eine durch die genannten Normen vorgeschriebene Speicherfrist abl\u00e4uft, es sei denn, dass eine Erforderlichkeit zur weiteren Speicherung der Daten f\u00fcr einen Vertragsabschluss oder eine Vertragserf\u00fcllung besteht.<\/h6><h6>\u00a0<\/h6><h5>\u00a7 1 Der Verantwortliche und der Datenschutzbeauftragte<\/h5><h6><strong>(1) Name und Anschrift des Verantwortlichen<\/strong><\/h6><h6>Der Verantwortliche im Sinne der Datenschutz-Grundverordnung und anderer nationaler Datenschutzgesetze der Mitgliedsstaaten sowie sonstiger datenschutzrechtlicher Bestimmungen ist:<\/h6><h6>\u00a0<\/h6><h6>Sai Thai Restaurant &amp; Bar<\/h6><h6>Pattana Naksut<br \/>Landhausstr. 1<br \/>88299 Leutkirch<\/h6><h6>\u00a0<\/h6><h6><strong style=\"color: inherit; font-family: inherit; font-size: 1.25rem; background-color: transparent;\">\u00a7 2 Begriffsbestimmungen<\/strong><\/h6><h6>Die Datenschutzerkl\u00e4rung beruht auf den Begrifflichkeiten, die durch den Europ\u00e4ischen Verordnungsgeber beim Erlass der EU-Datenschutz-Grundverordnung (nachfolgend: \u201eDSGVO\u201c genannt) verwendet wurden. Die Datenschutzerkl\u00e4rung soll einfach lesbar und verst\u00e4ndlich sein. Um dies zu gew\u00e4hrleisten, werden nachfolgend die wichtigsten Begriffe erl\u00e4utert:<\/h6><ol><li><h6><strong>Personenbezogene Daten<\/strong> sind alle Informationen, die sich auf eine identifizierte oder identifizierbare nat\u00fcrliche Person (nachfolgend \u201ebetroffene Person\u201c genannt) beziehen. Als identifizierbar wird eine nat\u00fcrliche Person angesehen, die direkt oder indirekt, insbesondere mittels Zuordnung zu einer Kennung wie einem Namen, zu einer Kennnummer, zu Standortdaten, zu einer Online-Kennung oder zu einem oder mehreren besonderen Merkmalen, die Ausdruck der physischen, physiologischen, genetischen, psychischen, wirtschaftlichen, kulturellen oder sozialen Identit\u00e4t dieser nat\u00fcrlichen Person sind, identifiziert werden kann.<\/h6><\/li><li><h6><strong>Betroffene Person<\/strong> ist jede identifizierte oder identifizierbare nat\u00fcrliche Person, deren personenbezogene Daten von dem f\u00fcr die Verarbeitung Verantwortlichen verarbeitet werden.<\/h6><\/li><li><h6><strong>Verarbeitung<\/strong> ist jeder mit oder ohne Hilfe automatisierter Verfahren ausgef\u00fchrte Vorgang oder jede solche Vorgangsreihe im Zusammenhang mit personenbezogenen Daten wie das Erheben, das Erfassen, die Organisation, das Ordnen, die Speicherung, die Anpassung oder Ver\u00e4nderung, das Auslesen, das Abfragen, die Verwendung, die Offenlegung durch \u00dcbermittlung, Verbreitung oder eine andere Form der Bereitstellung, den Abgleich oder die Verkn\u00fcpfung, die Einschr\u00e4nkung, das L\u00f6schen oder die Vernichtung.<\/h6><\/li><li><h6><strong>Profiling<\/strong> ist jede Art der automatisierten Verarbeitung personenbezogener Daten, die darin besteht, dass diese personenbezogenen Daten verwendet werden, um bestimmte pers\u00f6nliche Aspekte, die sich auf eine nat\u00fcrliche Person beziehen, zu bewerten, insbesondere, um Aspekte bez\u00fcglich Arbeitsleistung, wirtschaftlicher Lage, Gesundheit, pers\u00f6nlicher Vorlieben, Interessen, Zuverl\u00e4ssigkeit, Verhalten, Aufenthaltsort oder Ortswechsel dieser nat\u00fcrlichen Person zu analysieren oder vorherzusagen.<\/h6><\/li><li><h6><strong>Pseudonymisierung<\/strong> ist die Verarbeitung personenbezogener Daten in einer Weise, auf welche die personenbezogenen Daten ohne Hinzuziehung zus\u00e4tzlicher Informationen nicht mehr einer spezifischen betroffenen Person zugeordnet werden k\u00f6nnen, sofern diese zus\u00e4tzlichen Informationen gesondert aufbewahrt werden und technischen und organisatorischen Ma\u00dfnahmen unterliegen, die gew\u00e4hrleisten, dass die personenbezogenen Daten nicht einer identifizierten oder identifizierbaren nat\u00fcrlichen Person zugewiesen werden.<\/h6><\/li><li><h6><strong>Verantwortlicher oder f\u00fcr die Verarbeitung Verantwortlicher<\/strong> ist die nat\u00fcrliche oder juristische Person, Beh\u00f6rde, Einrichtung oder andere Stelle, die allein oder gemeinsam mit anderen \u00fcber die Zwecke und Mittel der Verarbeitung von personenbezogenen Daten entscheidet. Sind die Zwecke und Mittel dieser Verarbeitung durch das Unionsrecht oder das Recht der Mitgliedstaaten vorgegeben, so kann der Verantwortliche beziehungsweise k\u00f6nnen die bestimmten Kriterien seiner Benennung nach dem Unionsrecht oder dem Recht der Mitgliedstaaten vorgesehen werden.<\/h6><\/li><li><h6><strong>Auftragsverarbeiter<\/strong> ist eine nat\u00fcrliche oder juristische Person, Beh\u00f6rde, Einrichtung oder andere Stelle, die personenbezogene Daten im Auftrag des Verantwortlichen verarbeitet.<\/h6><\/li><li><h6><strong>Empf\u00e4nger<\/strong> ist eine nat\u00fcrliche oder juristische Person, Beh\u00f6rde, Einrichtung oder andere Stelle, der personenbezogene Daten offengelegt werden, unabh\u00e4ngig davon, ob es sich bei ihr um einen Dritten handelt oder nicht. Beh\u00f6rden, die im Rahmen eines bestimmten Untersuchungsauftrags nach dem Unionsrecht oder dem Recht der Mitgliedstaaten m\u00f6glicherweise personenbezogene Daten erhalten, gelten jedoch nicht als Empf\u00e4nger.<\/h6><\/li><li><h6><strong>Dritter<\/strong> ist eine nat\u00fcrliche oder juristische Person, Beh\u00f6rde, Einrichtung oder andere Stelle au\u00dfer der betroffenen Person, dem Verantwortlichen, dem Auftragsverarbeiter und den Personen, die unter der unmittelbaren Verantwortung des Verantwortlichen oder des Auftragsverarbeiters befugt sind, die personenbezogenen Daten zu verarbeiten.<\/h6><\/li><li><h6><strong>Einwilligung<\/strong> ist jede von der betroffenen Person freiwillig f\u00fcr den bestimmten Fall in informierter Weise und unmissverst\u00e4ndlich abgegebene Willensbekundung in Form einer Erkl\u00e4rung oder einer sonstigen eindeutigen best\u00e4tigenden Handlung, mit der die betroffene Person zu verstehen gibt, dass sie mit der Verarbeitung der sie betreffenden personenbezogenen Daten einverstanden ist.<\/h6><\/li><\/ol><h6><strong>\u00a0<\/strong><\/h6><h6>\u00a0<\/h6><h5>\u00a7 3 Bereitstellung der Website und Erstellung von Logfiles<\/h5><ul><li><h6><em>Bei der blo\u00df informatorischen Nutzung der Website, also wenn Sie sich nicht registrieren oder uns anderweitig Informationen \u00fcbermitteln, erheben wir bei jedem Aufruf der Website automatisiert folgende Daten und Informationen vom Computersystem des aufrufenden Rechners:<\/em><\/h6><\/li><\/ul><ol><li><h6><em>Die IP-Adresse des Nutzers<\/em><\/h6><\/li><li><h6><em>Informationen \u00fcber den Browsertyp und die verwendete Version<\/em><\/h6><\/li><li><h6><em>Datum und Uhrzeit des Zugriffs <\/em><\/h6><\/li><li><h6><em>Websites, die vom System des Nutzers \u00fcber unsere Internetseite aufgerufen werden<\/em><\/h6><\/li><li><h6><em>Inhalt der Aufrufe (konkrete Seiten)<\/em><\/h6><\/li><li><h6><em>Jeweils \u00fcbertragene Datenmenge<\/em><\/h6><\/li><li><h6><em>Namen heruntergeladener Dateien<\/em><\/h6><\/li><\/ol><h6>\u00a0<\/h6><h6>Die Daten werden ebenfalls in den Logfiles unseres Systems gespeichert. Eine Speicherung dieser Daten zusammen mit anderen personenbezogenen Daten des Nutzers findet nicht statt.<\/h6><h6>\u00a0<\/h6><ul><li><h6>Rechtsgrundlage f\u00fcr die vor\u00fcbergehende Speicherung der Logfiles ist Art. 6 Abs. 1 S. lit. f) DSGVO.<\/h6><\/li><li><h6>Die vor\u00fcbergehende Speicherung der IP-Adresse durch das System ist notwendig, um<\/h6><\/li><\/ul><ol><li><h6>eine Auslieferung der Website an den Rechner des Nutzers zu erm\u00f6glichen. Hierf\u00fcr muss die IP-Adresse des Nutzers f\u00fcr die Dauer der Sitzung gespeichert bleiben.<\/h6><\/li><li><h6>die Inhalte unserer Webseite sowie die Werbung f\u00fcr diese zu optimieren<\/h6><\/li><li><h6>die Funktionsf\u00e4higkeit unserer informationstechnologischen Systeme und der Technik unserer Webseite zu gew\u00e4hrleisten<\/h6><\/li><li><h6>Strafverfolgungsbeh\u00f6rden im Falle eines Cyberangriffes die zur Strafverfolgung notwendigen Informationen bereitzustellen<\/h6><\/li><\/ol><h6><em>\u00a0<\/em><\/h6><h6>Die Speicherung in Logfiles erfolgt, um die Funktionsf\u00e4higkeit der Website sicherzustellen. Zudem dienen uns die Daten zur Optimierung der Website und zur Sicherstellung der Sicherheit unserer informationstechnischen Systeme. Eine Auswertung der Daten zu Marketingzwecken findet in diesem Zusammenhang nicht statt.<\/h6><h6>\u00a0<\/h6><h6>In diesen Zwecken liegt auch unser berechtigtes Interesse an der Datenverarbeitung nach Art.\u00a06 Abs.\u00a01 S. 1 lit.\u00a0f) DSGVO vor.<\/h6><ul><li><h6>Die Daten werden gel\u00f6scht, sobald sie f\u00fcr die Erreichung des Zweckes ihrer Erhebung nicht mehr erforderlich sind \u2013 in diesem Falle mit Ende des Nutzungsvorgangs<\/h6><\/li><\/ul><h6><em>\u00a0<\/em><\/h6><h6>Im Fall der Speicherung der Daten in Logfiles ist dies sp\u00e4testens nach sieben Tagen der Fall. Eine dar\u00fcberhinausgehende Speicherung ist m\u00f6glich. In diesem Fall werden die IP-Adressen gel\u00f6scht oder anonymisiert, so dass eine Zuordnung des aufrufenden Clients nicht mehr m\u00f6glich ist.<\/h6><h6>\u00a0<\/h6><ul><li><h6>Die Erfassung der Daten zur Bereitstellung der Website und die Speicherung der Daten in Logfiles ist f\u00fcr den Betrieb der Internetseite zwingend erforderlich, weshalb keine Widerspruchsm\u00f6glichkeit besteht.<\/h6><\/li><\/ul><h6>\u00a0<\/h6><h6>\u00a0<\/h6><h5>\u00a7 4 Verwendung von Cookies<\/h5><ul><li><h6>Diese Website verwendet sog. Cookies. Cookies sind kleine Textdateien die, sobald Sie eine Webseite besuchen, von einem Webserver an Ihren Browser gesendet und lokal auf Ihrem Endger\u00e4t (PC, Notebook, Tablet, Smartphone usw.) gespeichert werden und auf Ihrem Computer abgelegt werden und dem Verwender (also uns) bestimmte Informationen zukommen lassen. Cookies dienen dazu, die Webseite kundenfreundlicher und sicherer zu gestalten, insbesondere nutzungsbezogene Informationen zu erheben, wie bspw. Nutzungsh\u00e4ufigkeit und Nutzeranzahl der Seiten und sowie Verhaltensweisen der Seitennutzung. Cookies richten auf dem Rechner keinen Schaden an und enthalten keine Viren.<\/h6><\/li><\/ul><h6>Dieser Cookie enth\u00e4lt eine charakteristische Zeichenfolge (Sog. Cookie-ID), die eine eindeutige Identifizierung des Browsers beim erneuten Aufrufen der Website erm\u00f6glicht.<\/h6><ul><li><h6>Die Rechtsgrundlage f\u00fcr die Verarbeitung personenbezogener Daten unter Verwendung von Cookies ist Art. 6 Abs. 1 S. 1 lit. f) DSGVO.<\/h6><\/li><\/ul><ul><li><h6>Der Zweck der Verwendung technisch notwendiger Cookies liegt darin, die Nutzung von Websites f\u00fcr Sie zu vereinfachen. Einige Funktionen unserer Internetseite k\u00f6nnen ohne den Einsatz von Cookies nicht angeboten werden. F\u00fcr diese ist es erforderlich, dass der Browser auch nach einem Seitenwechsel wiedererkannt wird.<\/h6><\/li><\/ul><h6>Die durch technisch notwendige Cookies erhobenen Nutzerdaten werden nicht zur Erstellung von Nutzerprofilen verwendet.<\/h6><ul><li><h6>Cookies bleiben auch dann gespeichert, wenn die Browser-Sitzung beendet wird und k\u00f6nnen bei einem erneuten Seitenbesuch wieder aufgerufen werden. Allerdings werden Cookies auf Ihrem Rechner gespeichert und von diesem an unsere Seite \u00fcbermittelt. Daher haben Sie auch die volle Kontrolle \u00fcber die Verwendung von Cookies. Wenn Sie keine Datenerhebung \u00fcber Cookies w\u00fcnschen, k\u00f6nnen Sie Ihren Browser \u00fcber das Men\u00fc unter \u201eEinstellungen\u201c so einstellen, dass Sie \u00fcber das Setzen von Cookies informiert werden oder das Setzen von Cookies generell ausschlie\u00dfen oder Cookies auch einzeln l\u00f6schen k\u00f6nnen. Es wird allerdings darauf hingewiesen, dass bei der Deaktivierung von Cookies die Funktionalit\u00e4t dieser Website eingeschr\u00e4nkt sein kann. Soweit es sich um Session-Cookies handelt, werden diese ohnehin nach Verlassen der Webseite automatisch gel\u00f6scht werden.<\/h6><\/li><\/ul><h6><strong>\u00a0<\/strong><\/h6><h5>\u00a7 5 Weitergabe personenbezogener Daten an Dritte<\/h5><ul><li><h6><strong>Links zu externen Webseiten<\/strong><\/h6><\/li><\/ul><h6><em>Diese Webseite enth\u00e4lt Links zu externen Seiten. Wir sind f\u00fcr unsere Inhalte selbst verantwortlich. F\u00fcr die Inhalte auf externen Links haben wir keinen Einfluss und sind hierf\u00fcr daher auch nicht verantwortlich, insbesondere machen wir uns deren Inhalte nicht zu eigen. Sofern Sie auf eine externe Seite geleitet werden, gilt die dort bereitgestellte Datenschutzerkl\u00e4rung. Soweit Ihnen auf dieser Seite rechtswidrige Aktivit\u00e4ten oder Inhalte auffallen, k\u00f6nnen Sie uns gerne darauf hinweisen. In diesem Fall werden wir den Inhalt pr\u00fcfen und entsprechend reagieren (Notice and take down-Verfahren).<\/em><\/h6><h6><em>\u00a0<\/em><\/h6><h5>\u00a7 6 Kontaktformular und E-Mail-Kontakt<\/h5><h6>Es ist eine Kontaktaufnahme \u00fcber die bereitgestellte E-Mail-Adresse m\u00f6glich. In diesem Fall werden die mit der E-Mail \u00fcbermittelten personenbezogenen Daten gespeichert.<\/h6><h6>Soweit es sich hierbei um Angaben zu Kommunikationskan\u00e4len (beispielsweise E-Mail-Adresse, Telefonnummer) handelt, willigen Sie zudem ein, dass wir Sie gegebenenfalls auch \u00fcber diesen Kommunikationskanal kontaktieren, um Ihr Anliegen zu beantworten.<\/h6><h6>Es erfolgt in diesem Zusammenhang keine Weitergabe der Daten an Dritte. Die Daten werden ausschlie\u00dflich f\u00fcr die Verarbeitung der Konversation verwendet.<\/h6><ul><li><h6>Rechtsgrundlage f\u00fcr die Verarbeitung der Daten ist bei Vorliegen einer Einwilligung des Nutzers Art.\u00a06 Abs.\u00a01 S. lit.\u00a0a) DSGVO. Rechtsgrundlage f\u00fcr die Verarbeitung der Daten, die im Zuge einer \u00dcbersendung einer E-Mail \u00fcbermittelt werden, ist Art.\u00a06 Abs.\u00a01 S.1 lit.\u00a0f) DSGVO. Zielt der E-Mail-Kontakt auf den Abschluss eines Vertrages ab, so ist zus\u00e4tzliche Rechtsgrundlage f\u00fcr die Verarbeitung Art.\u00a06 Abs.\u00a01S. 1 \u00a0b) DSGVO.<\/h6><\/li><li><h6>Die Daten werden gel\u00f6scht, sobald sie f\u00fcr die Erreichung des Zweckes ihrer Erhebung nicht mehr erforderlich sind. F\u00fcr die personenbezogenen Daten aus der Eingabemaske des Kontaktformulars und diejenigen, die per E-Mail \u00fcbersandt wurden, ist dies dann der Fall, wenn die jeweilige Konversation mit dem Nutzer beendet ist. Beendet ist die Konversation dann, wenn sich aus den Umst\u00e4nden entnehmen l\u00e4sst, dass der betroffene Sachverhalt abschlie\u00dfend gekl\u00e4rt ist. Die w\u00e4hrend des Absendevorgangs zus\u00e4tzlich erhobenen personenbezogenen Daten werden sp\u00e4testens nach einer Frist von drei\u00dfig Tagen gel\u00f6scht.<\/h6><\/li><li><h6>Sie haben jederzeit die M\u00f6glichkeit, seine Einwilligung zur Verarbeitung der personenbezogenen Daten zu widerrufen. Nehmen Sie per E-Mail Kontakt mit uns auf, so k\u00f6nnen Sie der Speicherung seiner personenbezogenen Daten jederzeit widersprechen. In einem solchen Fall kann die Konversation nicht fortgef\u00fchrt werden. Betreffend den Widerruf der Einwilligung\/Widerspruch der Speicherung bitten wir Sie, den Verantwortlichen oder den Datenschutzbeauftragten gem. \u00a7 1 via E-Mail oder postalisch zu kontaktieren. Alle personenbezogenen Daten, die im Zuge der Kontaktaufnahme gespeichert wurden, werden in diesem Fall gel\u00f6scht.<\/h6><\/li><\/ul><h6>\u00a0<\/h6><h5>\u00a7 7 Rechte der betroffenen Person<\/h5><h6>Werden personenbezogene Daten von Ihnen verarbeitet, sind Sie Betroffener i.S.d. DSGVO und es stehen Ihnen folgende Rechte gegen\u00fcber dem Verantwortlichen zu:<\/h6><ol><li><h6><em>Recht auf Auskunft,<\/em><\/h6><\/li><li><h6><em>Recht auf Berichtigung <\/em><\/h6><\/li><li><h6><em>Recht auf Einschr\u00e4nkung der Verarbeitung,<\/em><\/h6><\/li><li><h6><em>Recht auf L\u00f6schung<\/em><\/h6><\/li><li><h6><em>Recht auf Unterrichtung<\/em><\/h6><\/li><li><h6><em>Recht auf Daten\u00fcbertragbarkeit.<\/em><\/h6><\/li><li><h6><em>Recht auf Widerspruch gegen die Verarbeitung<\/em><\/h6><\/li><li><h6><em>Recht auf Widerruf der datenschutzrechtlichen Einwilligung<\/em><\/h6><\/li><li><h6><em>Recht auf Nichtanwendung einer automatisierten Entscheidung<\/em><\/h6><\/li><li><h6>Recht auf Beschwerde bei einer Aufsichtsbeh\u00f6rde<\/h6><\/li><\/ol><h6>\u00a0<\/h6><h5>\u00a0\u00a0\u00a0\u00a0\u00a0\u00a0\u00a0\u00a0\u00a0\u00a0\u00a0 Auskunftsrecht<\/h5><ul><li><h6>Sie k\u00f6nnen von dem Verantwortlichen eine Best\u00e4tigung dar\u00fcber verlangen, ob personenbezogene Daten, die Sie betreffen, von uns verarbeitet werden. Liegt eine solche Verarbeitung vor, k\u00f6nnen Sie von dem Verantwortlichen jederzeit eine unentgeltliche Auskunft \u00fcber die zu Ihrer Person gespeicherten personenbezogenen Daten sowie \u00fcber folgende Informationen verlangen:<\/h6><\/li><\/ul><ol><li><h6>die Zwecke, zu denen die personenbezogenen Daten verarbeitet werden;<\/h6><\/li><li><h6>die Kategorien von personenbezogenen Daten, welche verarbeitet werden;<\/h6><\/li><li><h6>die Empf\u00e4nger bzw. die Kategorien von Empf\u00e4ngern, gegen\u00fcber denen die Sie betreffenden personenbezogenen Daten offengelegt wurden oder noch offengelegt werden;<\/h6><\/li><li><h6>die geplante Dauer der Speicherung der Sie betreffenden personenbezogenen Daten oder, falls konkrete Angaben hierzu nicht m\u00f6glich sind, Kriterien f\u00fcr die Festlegung der Speicherdauer;<\/h6><\/li><li><h6>das Bestehen eines Rechts auf Berichtigung oder L\u00f6schung der Sie betreffenden personenbezogenen Daten, eines Rechts auf Einschr\u00e4nkung der Verarbeitung durch den Verantwortlichen oder eines Widerspruchsrechts gegen diese Verarbeitung;<\/h6><\/li><li><h6>das Bestehen eines Beschwerderechts bei einer Aufsichtsbeh\u00f6rde;<\/h6><\/li><li><h6>alle verf\u00fcgbaren Informationen \u00fcber die Herkunft der Daten, wenn die personenbezogenen Daten nicht bei der betroffenen Person erhoben werden;<\/h6><\/li><li><h6>das Bestehen einer automatisierten Entscheidungsfindung einschlie\u00dflich Profiling gem\u00e4\u00df Art.\u00a022 Abs.\u00a01 und 4 DSGVO und \u2013 zumindest in diesen F\u00e4llen \u2013 aussagekr\u00e4ftige Informationen \u00fcber die involvierte Logik sowie die Tragweite und die angestrebten Auswirkungen einer derartigen Verarbeitung f\u00fcr die betroffene Person.<\/h6><\/li><\/ol><ul><li><h6>Ihnen steht das Recht zu, Auskunft dar\u00fcber zu verlangen, ob die Sie betreffenden personenbezogenen Daten in ein Drittland oder an eine internationale Organisation \u00fcbermittelt werden. In diesem Zusammenhang k\u00f6nnen Sie verlangen, \u00fcber die geeigneten Garantien gem. Art.\u00a046 DSGVO im Zusammenhang mit der \u00dcbermittlung unterrichtet zu werden.<\/h6><\/li><\/ul><h6>\u00a0<\/h6><h5>\u00a0\u00a0\u00a0\u00a0\u00a0\u00a0\u00a0\u00a0\u00a0\u00a0\u00a0 Recht auf Berichtigung<\/h5><h6>Sie haben ein Recht auf unverz\u00fcgliche Berichtigung und\/oder Vervollst\u00e4ndigung gegen\u00fcber dem Verantwortlichen, sofern die verarbeiteten personenbezogenen Daten, die Sie betreffen, unrichtig oder unvollst\u00e4ndig sind.<\/h6><h6>\u00a0<\/h6><h5>\u00a0\u00a0\u00a0\u00a0\u00a0\u00a0\u00a0\u00a0\u00a0\u00a0\u00a0 Recht auf Einschr\u00e4nkung der Verarbeitung<\/h5><ul><li><h6>Unter den folgenden Voraussetzungen k\u00f6nnen Sie von dem Verantwortlichen die unverz\u00fcgliche Einschr\u00e4nkung der Verarbeitung der Sie betreffenden personenbezogenen Daten verlangen:<\/h6><\/li><\/ul><ol><li><h6>wenn Sie die Richtigkeit der Sie betreffenden personenbezogenen f\u00fcr eine Dauer bestreiten, die es dem Verantwortlichen erm\u00f6glicht, die Richtigkeit der personenbezogenen Daten zu \u00fcberpr\u00fcfen;<\/h6><\/li><li><h6>die Verarbeitung unrechtm\u00e4\u00dfig ist und Sie die L\u00f6schung der personenbezogenen Daten ablehnen und stattdessen die Einschr\u00e4nkung der Nutzung der personenbezogenen Daten verlangen;<\/h6><\/li><li><h6>der Verantwortliche die personenbezogenen Daten f\u00fcr die Zwecke der Verarbeitung nicht l\u00e4nger ben\u00f6tigt, Sie diese jedoch zur Geltendmachung, Aus\u00fcbung oder Verteidigung von Rechtsanspr\u00fcchen ben\u00f6tigen, oder<\/h6><\/li><li><h6>wenn Sie Widerspruch gegen die Verarbeitung gem\u00e4\u00df Art.\u00a021 Abs.\u00a01 DSGVO eingelegt haben und noch nicht feststeht, ob die berechtigten Gr\u00fcnde des Verantwortlichen gegen\u00fcber Ihren Gr\u00fcnden \u00fcberwiegen.<\/h6><\/li><\/ol><ul><li><h6>Wurde die Verarbeitung der Sie betreffenden personenbezogenen Daten eingeschr\u00e4nkt, d\u00fcrfen diese Daten \u2013 von ihrer Speicherung abgesehen \u2013 nur mit Ihrer Einwilligung oder zur Geltendmachung, Aus\u00fcbung oder Verteidigung von Rechtsanspr\u00fcchen oder zum Schutz der Rechte einer anderen nat\u00fcrlichen oder juristischen Person oder aus Gr\u00fcnden eines wichtigen \u00f6ffentlichen Interesses der Union oder eines Mitgliedstaats verarbeitet werden. Wurde die Einschr\u00e4nkung der Verarbeitung nach den o.g. Voraussetzungen eingeschr\u00e4nkt, werden Sie von dem Verantwortlichen unterrichtet, bevor die Einschr\u00e4nkung aufgehoben wird.<\/h6><\/li><\/ul><h6>\u00a0<\/h6><h5>\u00a0\u00a0\u00a0\u00a0\u00a0\u00a0\u00a0\u00a0\u00a0\u00a0\u00a0 Recht auf L\u00f6schung<\/h5><ul><li><h6>Sie k\u00f6nnen von dem Verantwortlichen verlangen, die Sie betreffenden personenbezogenen Daten unverz\u00fcglich zu l\u00f6schen, sofern einer der folgenden Gr\u00fcnde zutrifft:<\/h6><\/li><\/ul><ol><li><h6>Die Sie betreffenden personenbezogenen Daten sind f\u00fcr die Zwecke, f\u00fcr die sie erhoben oder auf sonstige Weise verarbeitet wurden, nicht mehr notwendig.<\/h6><\/li><li><h6>Sie widerrufen Ihre Einwilligung, auf die sich die Verarbeitung gem. Art.\u00a06 Abs.\u00a01 lit.\u00a0a oder Art.\u00a09 Abs.\u00a02 lit.\u00a0a DSGVO st\u00fctzte, und es fehlt an einer anderweitigen Rechtsgrundlage f\u00fcr die Verarbeitung.<\/h6><\/li><li><h6>Sie legen gem. Art.\u00a021 Abs.\u00a01 DSGVO Widerspruch gegen die Verarbeitung ein und es liegen keine vorrangigen berechtigten Gr\u00fcnde f\u00fcr die Verarbeitung vor, oder Sie legen gem. Art.\u00a021 Abs.\u00a02 DSGVO Widerspruch gegen die Verarbeitung ein.<\/h6><\/li><li><h6>Die Sie betreffenden personenbezogenen Daten wurden unrechtm\u00e4\u00dfig verarbeitet.<\/h6><\/li><li><h6>Die L\u00f6schung der Sie betreffenden personenbezogenen Daten ist zur Erf\u00fcllung einer rechtlichen Verpflichtung nach dem Unionsrecht oder dem Recht der Mitgliedstaaten erforderlich, dem der Verantwortliche unterliegt.<\/h6><\/li><li><h6>Die Sie betreffenden personenbezogenen Daten wurden in Bezug auf angebotene Dienste der Informationsgesellschaft gem\u00e4\u00df Art.\u00a08 Abs.\u00a01 DSGVO erhoben.<\/h6><\/li><\/ol><ul><li><h6>Hat der Verantwortliche die Sie betreffenden personenbezogenen Daten \u00f6ffentlich gemacht und ist er gem. Art.\u00a017 Abs.\u00a01 DSGVO zu deren L\u00f6schung verpflichtet, so trifft er unter Ber\u00fccksichtigung der verf\u00fcgbaren Technologie und der Implementierungskosten angemessene Ma\u00dfnahmen, auch technischer Art, um f\u00fcr die Datenverarbeitung Verantwortliche, die die personenbezogenen Daten verarbeiten, dar\u00fcber zu informieren, dass Sie als betroffene Person von ihnen die L\u00f6schung aller Links zu diesen personenbezogenen Daten oder von Kopien oder Replikationen dieser personenbezogenen Daten verlangt haben.<\/h6><\/li><li><h6>Das Recht auf L\u00f6schung besteht nicht, soweit die Verarbeitung erforderlich ist<\/h6><\/li><\/ul><ol><li><h6>zur Aus\u00fcbung des Rechts auf freie Meinungs\u00e4u\u00dferung und Information;<\/h6><\/li><li><h6>zur Erf\u00fcllung einer rechtlichen Verpflichtung, die die Verarbeitung nach dem Recht der Union oder der Mitgliedstaaten, dem der Verantwortliche unterliegt, erfordert, oder zur Wahrnehmung einer Aufgabe, die im \u00f6ffentlichen Interesse liegt oder in Aus\u00fcbung \u00f6ffentlicher Gewalt erfolgt, die dem Verantwortlichen \u00fcbertragen wurde;<\/h6><\/li><li><h6>aus Gr\u00fcnden des \u00f6ffentlichen Interesses im Bereich der \u00f6ffentlichen Gesundheit gem\u00e4\u00df Art.\u00a09 Abs.\u00a02 lit.\u00a0h und i sowie Art.\u00a09 Abs.\u00a03 DSGVO;<\/h6><\/li><li><h6>f\u00fcr im \u00f6ffentlichen Interesse liegende Archivzwecke, wissenschaftliche oder historische Forschungszwecke oder f\u00fcr statistische Zwecke gem. Art.\u00a089 Abs.\u00a01 DSGVO, soweit das unter Abschnitt a) genannte Recht voraussichtlich die Verwirklichung der Ziele dieser Verarbeitung unm\u00f6glich macht oder ernsthaft beeintr\u00e4chtigt, oder<\/h6><\/li><li><h6>zur Geltendmachung, Aus\u00fcbung oder Verteidigung von Rechtsanspr\u00fcchen.<\/h6><\/li><\/ol><h5>\u00a0<\/h5><h5>\u00a0\u00a0\u00a0\u00a0\u00a0\u00a0\u00a0\u00a0\u00a0\u00a0\u00a0 Recht auf Unterrichtung<\/h5><h6>Haben Sie das Recht auf Berichtigung, L\u00f6schung oder Einschr\u00e4nkung der Verarbeitung gegen\u00fcber dem Verantwortlichen geltend gemacht, ist dieser verpflichtet, allen Empf\u00e4ngern, denen die Sie betreffenden personenbezogenen Daten offengelegt wurden, diese Berichtigung\/L\u00f6schung\/Einschr\u00e4nkung der Verarbeitung mitzuteilen, es sei denn, dies erweist sich als unm\u00f6glich oder ist mit einem unverh\u00e4ltnism\u00e4\u00dfigen Aufwand verbunden. Ihnen steht gegen\u00fcber dem Verantwortlichen das Recht zu, \u00fcber diese Empf\u00e4nger unterrichtet zu werden.<\/h6><h6>\u00a0<\/h6><h5>\u00a0\u00a0\u00a0\u00a0\u00a0\u00a0\u00a0\u00a0\u00a0\u00a0\u00a0 Recht auf Daten\u00fcbertragbarkeit<\/h5><ul><li><h6>Sie haben das Recht, die Sie betreffenden personenbezogenen Daten, die Sie dem Verantwortlichen bereitgestellt haben, in einem strukturierten, g\u00e4ngigen und maschinenlesbaren Format zu erhalten. Au\u00dferdem haben Sie das Recht, diese Daten einem anderen Verantwortlichen ohne Behinderung durch den Verantwortlichen, dem die personenbezogenen Daten bereitgestellt wurden, zu \u00fcbermitteln, sofern<\/h6><\/li><\/ul><ol><li><h6>die Verarbeitung auf einer Einwilligung gem. Art.\u00a06 Abs.\u00a01 lit.\u00a0a DSGVO oder Art.\u00a09 Abs.\u00a02 lit.\u00a0a DSGVO oder auf einem Vertrag gem. Art.\u00a06 Abs.\u00a01 lit.\u00a0b DSGVO beruht und<\/h6><\/li><li><h6>die Verarbeitung mithilfe automatisierter Verfahren erfolgt.<\/h6><\/li><\/ol><ul><li><h6>In Aus\u00fcbung dieses Rechts haben Sie ferner das Recht, zu erwirken, dass die Sie betreffenden personenbezogenen Daten direkt von einem Verantwortlichen einem anderen Verantwortlichen \u00fcbermittelt werden, soweit dies technisch machbar ist. Freiheiten und Rechte anderer Personen d\u00fcrfen hierdurch nicht beeintr\u00e4chtigt werden.<\/h6><\/li><li><h6>Das Recht auf Daten\u00fcbertragbarkeit gilt nicht f\u00fcr eine Verarbeitung personenbezogener Daten, die f\u00fcr die Wahrnehmung einer Aufgabe erforderlich ist, die im \u00f6ffentlichen Interesse liegt oder in Aus\u00fcbung \u00f6ffentlicher Gewalt erfolgt, die dem Verantwortlichen \u00fcbertragen wurde.<\/h6><\/li><li><h6>Zur Geltendmachung des Rechts auf Daten\u00fcbertragbarkeit kann sich die betroffene Person jederzeit an den f\u00fcr die Verarbeitung Verantwortlichen wenden.<\/h6><\/li><\/ul><h6>\u00a0<\/h6><h5>\u00a0\u00a0\u00a0\u00a0\u00a0\u00a0\u00a0\u00a0\u00a0\u00a0\u00a0 Widerspruchsrecht<\/h5><ul><li><h6>Sie haben das Recht, aus Gr\u00fcnden, die sich aus ihrer besonderen Situation ergeben, jederzeit gegen die Verarbeitung der Sie betreffenden personenbezogenen Daten, die aufgrund von Art.\u00a06 Abs.\u00a01 lit.\u00a0e oder f DSGVO erfolgt, Widerspruch einzulegen; dies gilt auch f\u00fcr ein auf diese Bestimmungen gest\u00fctztes Profiling.<\/h6><\/li><li><h6>Der Verantwortliche verarbeitet die Sie betreffenden personenbezogenen Daten nicht mehr, es sei denn, er kann zwingende schutzw\u00fcrdige Gr\u00fcnde f\u00fcr die Verarbeitung nachweisen, die Ihre Interessen, Rechte und Freiheiten \u00fcberwiegen, oder die Verarbeitung dient der Geltendmachung, Aus\u00fcbung oder Verteidigung von Rechtsanspr\u00fcchen.<\/h6><\/li><li><h6>Werden die Sie betreffenden personenbezogenen Daten verarbeitet, um Direktwerbung zu betreiben, haben Sie das Recht, jederzeit Widerspruch gegen die Verarbeitung der Sie betreffenden personenbezogenen Daten zum Zwecke derartiger Werbung einzulegen; dies gilt auch f\u00fcr das Profiling, soweit es mit solcher Direktwerbung in Verbindung steht. Widersprechen Sie der Verarbeitung f\u00fcr Zwecke der Direktwerbung, so werden die Sie betreffenden personenbezogenen Daten nicht mehr f\u00fcr diese Zwecke verarbeitet.<\/h6><\/li><li><h6>Sie haben die M\u00f6glichkeit, im Zusammenhang mit der Nutzung von Diensten der Informationsgesellschaft \u2013 ungeachtet der Richtlinie 2002\/58\/EG \u2013 Ihr Widerspruchsrecht mittels automatisierter Verfahren auszu\u00fcben, bei denen technische Spezifikationen verwendet werden.<\/h6><\/li><li><h6>Zur Aus\u00fcbung des Rechts auf Widerspruch kann sich die betroffene Person direkt an den f\u00fcr die Verarbeitung Verantwortlichen wenden.<\/h6><\/li><\/ul><h6>\u00a0<\/h6><h5>\u00a0\u00a0\u00a0\u00a0\u00a0\u00a0\u00a0\u00a0\u00a0\u00a0\u00a0 Recht auf Widerruf der datenschutzrechtlichen Einwilligungserkl\u00e4rung<\/h5><h6>Sie haben das Recht, Ihre datenschutzrechtliche Einwilligungserkl\u00e4rung jederzeit zu widerrufen. Durch den Widerruf der Einwilligung wird die Rechtm\u00e4\u00dfigkeit der aufgrund der Einwilligung bis zum Widerruf erfolgten Verarbeitung nicht ber\u00fchrt. Sie k\u00f6nnen sich hierzu an den Verantwortlichen wenden.<\/h6><h6>\u00a0<\/h6><h5>\u00a0\u00a0\u00a0\u00a0\u00a0\u00a0\u00a0\u00a0\u00a0\u00a0\u00a0 Automatisierte Entscheidung im Einzelfall einschlie\u00dflich Profiling<\/h5><ul><li><h6>Sie haben das Recht, nicht einer ausschlie\u00dflich auf einer automatisierten Verarbeitung \u2013 einschlie\u00dflich Profiling \u2013 beruhenden Entscheidung unterworfen zu werden, die Ihnen gegen\u00fcber rechtliche Wirkung entfaltet oder Sie in \u00e4hnlicher Weise erheblich beeintr\u00e4chtigt. Dies gilt nicht, wenn die Entscheidung<\/h6><\/li><\/ul><ol><li><h6>f\u00fcr den Abschluss oder die Erf\u00fcllung eines Vertrags zwischen Ihnen und dem Verantwortlichen erforderlich ist,<\/h6><\/li><li><h6>aufgrund von Rechtsvorschriften der Union oder der Mitgliedstaaten, denen der Verantwortliche unterliegt, zul\u00e4ssig ist und diese Rechtsvorschriften angemessene Ma\u00dfnahmen zur Wahrung Ihrer Rechte und Freiheiten sowie Ihrer berechtigten Interessen enthalten oder<\/h6><\/li><li><h6>mit Ihrer ausdr\u00fccklichen Einwilligung erfolgt.<\/h6><\/li><\/ol><ul><li><h6>Allerdings d\u00fcrfen diese Entscheidungen nicht auf besonderen Kategorien personenbezogener Daten nach Art.\u00a09 Abs.\u00a01 DSGVO beruhen, sofern nicht Art.\u00a09 Abs.\u00a02 lit.\u00a0a oder g DSGVO gilt und angemessene Ma\u00dfnahmen zum Schutz der Rechte und Freiheiten sowie Ihrer berechtigten Interessen getroffen wurden.<\/h6><\/li><li><h6>Hinsichtlich der in (1) und (3) genannten F\u00e4lle trifft der Verantwortliche angemessene Ma\u00dfnahmen, um die Rechte und Freiheiten sowie Ihre berechtigten Interessen zu wahren, wozu mindestens das Recht auf Erwirkung des Eingreifens einer Person seitens des Verantwortlichen, auf Darlegung des eigenen Standpunkts und auf Anfechtung der Entscheidung geh\u00f6rt.<\/h6><\/li><li><h6>M\u00f6chte die betroffene Person Rechte mit Bezug auf automatisierte Entscheidungen geltend machen, kann sie sich hierzu jederzeit an den f\u00fcr die Verarbeitung Verantwortlichen wenden.<\/h6><\/li><\/ul><h6>\u00a0<\/h6><h5>\u00a0\u00a0\u00a0\u00a0\u00a0\u00a0\u00a0\u00a0\u00a0\u00a0\u00a0 Recht auf Beschwerde bei einer Aufsichtsbeh\u00f6rde<\/h5><h6>Unbeschadet eines anderweitigen verwaltungsrechtlichen oder gerichtlichen Rechtsbehelfs steht Ihnen das Recht auf Beschwerde bei einer Aufsichtsbeh\u00f6rde, insbesondere in dem Mitgliedstaat ihres Aufenthaltsorts, ihres Arbeitsplatzes oder des Orts des mutma\u00dflichen Versto\u00dfes, zu, wenn Sie der Ansicht sind, dass die Verarbeitung der Sie betreffenden personenbezogenen Daten gegen die DSGVO verst\u00f6\u00dft. Die Aufsichtsbeh\u00f6rde, bei der die Beschwerde eingereicht wurde, unterrichtet den Beschwerdef\u00fchrer \u00fcber den Stand und die Ergebnisse der Beschwerde einschlie\u00dflich der M\u00f6glichkeit eines gerichtlichen Rechtsbehelfs nach Art.\u00a078 DSGVO.<\/h6><h5><span style=\"color: inherit; font-family: inherit; background-color: transparent;\">\u00a7 8\u00a0<\/span><strong style=\"color: inherit; font-family: inherit; font-size: 1.25rem; background-color: transparent;\">\u00c4nderungen der Datenschutzrichtlinie<\/strong><\/h5><h6>Wir behalten uns das Recht vor, unsere Datenschutzpraktiken und diese Richtlinie abzu\u00e4ndern, um sie gegebenenfalls an \u00c4nderungen relevanter Gesetze bzw. Vorschriften anzupassen oder Ihren Bed\u00fcrfnissen besser gerecht zu werden. M\u00f6gliche \u00c4nderungen unserer Datenschutzpraktiken werden entsprechend an dieser Stelle bekannt gegeben. Beachten Sie hierzu bitte das aktuelle Versionsdatum der Datenschutzerkl\u00e4rung: <strong>21.08.2020<\/strong><\/h6><h6>\u00a0<\/h6>\t\t\t\t\t\t\t\t<\/div>\n\t\t\t\t<\/div>\n\t\t\t\t\t<\/div>\n\t\t<\/div>\n\t\t\t\t\t<\/div>\n\t\t<\/section>\n\t\t\t\t<\/div>\n\t\t","protected":false},"excerpt":{"rendered":"<p>Datenschutzerkl\u00e4rung nach der DSGVO \u00a0 Der Schutz personenbezogener Daten ist uns ein wichtiges Anliegen. Deshalb erfolgt die Verarbeitung personenbezogener Daten in \u00dcbereinstimmung mit den geltenden europ\u00e4ischen und nationalen Rechtsvorschriften. Ihre Einwilligungserkl\u00e4rung(en) k\u00f6nnen Sie selbstverst\u00e4ndlich jederzeit mit Wirkung f\u00fcr die Zukunft widerrufen. Bitte wenden Sie sich hierf\u00fcr an den Verantwortlichen gem. \u00a7 1. \u00a0 Die nachfolgende [&hellip;]<\/p>\n","protected":false},"author":1,"featured_media":0,"parent":1881,"menu_order":0,"comment_status":"closed","ping_status":"closed","template":"elementor_header_footer","meta":{"footnotes":""},"class_list":["post-552","page","type-page","status-publish","hentry"],"_links":{"self":[{"href":"https:\/\/sai-thai.de\/index.php?rest_route=\/wp\/v2\/pages\/552","targetHints":{"allow":["GET"]}}],"collection":[{"href":"https:\/\/sai-thai.de\/index.php?rest_route=\/wp\/v2\/pages"}],"about":[{"href":"https:\/\/sai-thai.de\/index.php?rest_route=\/wp\/v2\/types\/page"}],"author":[{"embeddable":true,"href":"https:\/\/sai-thai.de\/index.php?rest_route=\/wp\/v2\/users\/1"}],"replies":[{"embeddable":true,"href":"https:\/\/sai-thai.de\/index.php?rest_route=%2Fwp%2Fv2%2Fcomments&post=552"}],"version-history":[{"count":24,"href":"https:\/\/sai-thai.de\/index.php?rest_route=\/wp\/v2\/pages\/552\/revisions"}],"predecessor-version":[{"id":1552,"href":"https:\/\/sai-thai.de\/index.php?rest_route=\/wp\/v2\/pages\/552\/revisions\/1552"}],"up":[{"embeddable":true,"href":"https:\/\/sai-thai.de\/index.php?rest_route=\/wp\/v2\/pages\/1881"}],"wp:attachment":[{"href":"https:\/\/sai-thai.de\/index.php?rest_route=%2Fwp%2Fv2%2Fmedia&parent=552"}],"curies":[{"name":"wp","href":"https:\/\/api.w.org\/{rel}","templated":true}]}}